{"version":"1.0","provider_name":"Grazia M\u00e9xico y Latinoam\u00e9rica","provider_url":"https:\/\/graziamagazine.com\/mx","author_name":"Carolina Ch\u00e1vez Rodr\u00edguez","author_url":"https:\/\/graziamagazine.com\/mx\/author\/carolinachavezr\/","title":"El iPod es nostalgia, Apple lo descontin\u00faa","type":"rich","width":600,"height":338,"html":"<blockquote class=\"wp-embedded-content\" data-secret=\"zAT5t7ZcjC\"><a href=\"https:\/\/graziamagazine.com\/mx\/articles\/el-ipod-es-nostalgia-apple-lo-descontinua\/\">El iPod es nostalgia, Apple lo descontin\u00faa<\/a><\/blockquote><iframe sandbox=\"allow-scripts\" security=\"restricted\" src=\"https:\/\/graziamagazine.com\/mx\/articles\/el-ipod-es-nostalgia-apple-lo-descontinua\/embed\/#?secret=zAT5t7ZcjC\" width=\"600\" height=\"338\" title=\"&#8220;El iPod es nostalgia, Apple lo descontin\u00faa&#8221; &#8212; Grazia M\u00e9xico y Latinoam\u00e9rica\" data-secret=\"zAT5t7ZcjC\" frameborder=\"0\" marginwidth=\"0\" marginheight=\"0\" scrolling=\"no\" class=\"wp-embedded-content\"><\/iframe><script type=\"text\/javascript\">\n\/* <![CDATA[ *\/\n\/*! This file is auto-generated *\/\n!function(d,l){\"use strict\";l.querySelector&&d.addEventListener&&\"undefined\"!=typeof URL&&(d.wp=d.wp||{},d.wp.receiveEmbedMessage||(d.wp.receiveEmbedMessage=function(e){var t=e.data;if((t||t.secret||t.message||t.value)&&!\/[^a-zA-Z0-9]\/.test(t.secret)){for(var s,r,n,a=l.querySelectorAll('iframe[data-secret=\"'+t.secret+'\"]'),o=l.querySelectorAll('blockquote[data-secret=\"'+t.secret+'\"]'),c=new RegExp(\"^https?:$\",\"i\"),i=0;i<o.length;i++)o[i].style.display=\"none\";for(i=0;i<a.length;i++)s=a[i],e.source===s.contentWindow&&(s.removeAttribute(\"style\"),\"height\"===t.message?(1e3<(r=parseInt(t.value,10))?r=1e3:~~r<200&&(r=200),s.height=r):\"link\"===t.message&&(r=new URL(s.getAttribute(\"src\")),n=new URL(t.value),c.test(n.protocol))&&n.host===r.host&&l.activeElement===s&&(d.top.location.href=t.value))}},d.addEventListener(\"message\",d.wp.receiveEmbedMessage,!1),l.addEventListener(\"DOMContentLoaded\",function(){for(var e,t,s=l.querySelectorAll(\"iframe.wp-embedded-content\"),r=0;r<s.length;r++)(t=(e=s[r]).getAttribute(\"data-secret\"))||(t=Math.random().toString(36).substring(2,12),e.src+=\"#?secret=\"+t,e.setAttribute(\"data-secret\",t)),e.contentWindow.postMessage({message:\"ready\",secret:t},\"*\")},!1)))}(window,document);\n\/* ]]> *\/\n<\/script>\n","thumbnail_url":"https:\/\/graziamagazine.com\/mx\/wp-content\/uploads\/sites\/13\/2022\/05\/ipod-nano-2nd-gen.png?fit=1110%2C600","thumbnail_width":1110,"thumbnail_height":600,"description":"Parece ser que lo \u00fanico que nos quedar\u00e1 del m\u00edtico iPod ser\u00e1 la memoria de un aparato que acompa\u00f1\u00f3 nuestras caminatas hace ya m\u00e1s de veinte a\u00f1os. La"}