{"version":"1.0","provider_name":"Grazia M\u00e9xico y Latinoam\u00e9rica","provider_url":"https:\/\/graziamagazine.com\/mx","author_name":"Grazia M\u00e9xico","author_url":"https:\/\/graziamagazine.com\/mx\/author\/graziamx_20160404\/","title":"Acaso la mam\u00e1 de Meghan Markle, \u00bfvestir\u00e1 Burberry?","type":"rich","width":600,"height":338,"html":"<blockquote class=\"wp-embedded-content\" data-secret=\"yIZqjtesUY\"><a href=\"https:\/\/graziamagazine.com\/mx\/articles\/acaso-la-mama-de-meghan-markle-vestira-burberry\/\">Acaso la mam\u00e1 de Meghan Markle, \u00bfvestir\u00e1 Burberry?<\/a><\/blockquote><iframe sandbox=\"allow-scripts\" security=\"restricted\" src=\"https:\/\/graziamagazine.com\/mx\/articles\/acaso-la-mama-de-meghan-markle-vestira-burberry\/embed\/#?secret=yIZqjtesUY\" width=\"600\" height=\"338\" title=\"&#8220;Acaso la mam\u00e1 de Meghan Markle, \u00bfvestir\u00e1 Burberry?&#8221; &#8212; Grazia M\u00e9xico y Latinoam\u00e9rica\" data-secret=\"yIZqjtesUY\" frameborder=\"0\" marginwidth=\"0\" marginheight=\"0\" scrolling=\"no\" class=\"wp-embedded-content\"><\/iframe><script type=\"text\/javascript\">\n\/* <![CDATA[ *\/\n\/*! This file is auto-generated *\/\n!function(d,l){\"use strict\";l.querySelector&&d.addEventListener&&\"undefined\"!=typeof URL&&(d.wp=d.wp||{},d.wp.receiveEmbedMessage||(d.wp.receiveEmbedMessage=function(e){var t=e.data;if((t||t.secret||t.message||t.value)&&!\/[^a-zA-Z0-9]\/.test(t.secret)){for(var s,r,n,a=l.querySelectorAll('iframe[data-secret=\"'+t.secret+'\"]'),o=l.querySelectorAll('blockquote[data-secret=\"'+t.secret+'\"]'),c=new RegExp(\"^https?:$\",\"i\"),i=0;i<o.length;i++)o[i].style.display=\"none\";for(i=0;i<a.length;i++)s=a[i],e.source===s.contentWindow&&(s.removeAttribute(\"style\"),\"height\"===t.message?(1e3<(r=parseInt(t.value,10))?r=1e3:~~r<200&&(r=200),s.height=r):\"link\"===t.message&&(r=new URL(s.getAttribute(\"src\")),n=new URL(t.value),c.test(n.protocol))&&n.host===r.host&&l.activeElement===s&&(d.top.location.href=t.value))}},d.addEventListener(\"message\",d.wp.receiveEmbedMessage,!1),l.addEventListener(\"DOMContentLoaded\",function(){for(var e,t,s=l.querySelectorAll(\"iframe.wp-embedded-content\"),r=0;r<s.length;r++)(t=(e=s[r]).getAttribute(\"data-secret\"))||(t=Math.random().toString(36).substring(2,12),e.src+=\"#?secret=\"+t,e.setAttribute(\"data-secret\",t)),e.contentWindow.postMessage({message:\"ready\",secret:t},\"*\")},!1)))}(window,document);\n\/* ]]> *\/\n<\/script>\n","thumbnail_url":"https:\/\/graziamagazine.com\/mx\/wp-content\/uploads\/sites\/13\/2018\/05\/acaso-la-mama-de-meghan-markle-vestira-burberry-destacada.jpg?fit=768%2C513","thumbnail_width":768,"thumbnail_height":513,"description":"Todo parece indicar que Doria Ragland vestir\u00e1 Burberry para el d\u00eda especial de su hija. Pero no estamos del todo seguros si esta fue una de las t\u00edpicas t\u00e9cnicas para despistarnos."}