{"version":"1.0","provider_name":"Grazia M\u00e9xico y Latinoam\u00e9rica","provider_url":"https:\/\/graziamagazine.com\/mx","author_name":"Mar\u00eda Olmedo","author_url":"https:\/\/graziamagazine.com\/mx\/author\/mariaolmedo\/","title":"\u00a1Ya vienen las vacaciones! Est\u00e1n tan cerca, que puedo oler el mar.","type":"rich","width":600,"height":338,"html":"<blockquote class=\"wp-embedded-content\" data-secret=\"suaxgxokSz\"><a href=\"https:\/\/graziamagazine.com\/mx\/articles\/109331\/\">\u00a1Ya vienen las vacaciones! Est\u00e1n tan cerca, que puedo oler el mar.<\/a><\/blockquote><iframe sandbox=\"allow-scripts\" security=\"restricted\" src=\"https:\/\/graziamagazine.com\/mx\/articles\/109331\/embed\/#?secret=suaxgxokSz\" width=\"600\" height=\"338\" title=\"&#8220;\u00a1Ya vienen las vacaciones! Est\u00e1n tan cerca, que puedo oler el mar.&#8221; &#8212; Grazia M\u00e9xico y Latinoam\u00e9rica\" data-secret=\"suaxgxokSz\" frameborder=\"0\" marginwidth=\"0\" marginheight=\"0\" scrolling=\"no\" class=\"wp-embedded-content\"><\/iframe><script type=\"text\/javascript\">\n\/* <![CDATA[ *\/\n\/*! This file is auto-generated *\/\n!function(d,l){\"use strict\";l.querySelector&&d.addEventListener&&\"undefined\"!=typeof URL&&(d.wp=d.wp||{},d.wp.receiveEmbedMessage||(d.wp.receiveEmbedMessage=function(e){var t=e.data;if((t||t.secret||t.message||t.value)&&!\/[^a-zA-Z0-9]\/.test(t.secret)){for(var s,r,n,a=l.querySelectorAll('iframe[data-secret=\"'+t.secret+'\"]'),o=l.querySelectorAll('blockquote[data-secret=\"'+t.secret+'\"]'),c=new RegExp(\"^https?:$\",\"i\"),i=0;i<o.length;i++)o[i].style.display=\"none\";for(i=0;i<a.length;i++)s=a[i],e.source===s.contentWindow&&(s.removeAttribute(\"style\"),\"height\"===t.message?(1e3<(r=parseInt(t.value,10))?r=1e3:~~r<200&&(r=200),s.height=r):\"link\"===t.message&&(r=new URL(s.getAttribute(\"src\")),n=new URL(t.value),c.test(n.protocol))&&n.host===r.host&&l.activeElement===s&&(d.top.location.href=t.value))}},d.addEventListener(\"message\",d.wp.receiveEmbedMessage,!1),l.addEventListener(\"DOMContentLoaded\",function(){for(var e,t,s=l.querySelectorAll(\"iframe.wp-embedded-content\"),r=0;r<s.length;r++)(t=(e=s[r]).getAttribute(\"data-secret\"))||(t=Math.random().toString(36).substring(2,12),e.src+=\"#?secret=\"+t,e.setAttribute(\"data-secret\",t)),e.contentWindow.postMessage({message:\"ready\",secret:t},\"*\")},!1)))}(window,document);\n\/* ]]> *\/\n<\/script>\n","thumbnail_url":"https:\/\/graziamagazine.com\/mx\/wp-content\/uploads\/sites\/13\/2021\/12\/playa-balandra.jpeg?fit=1280%2C800","thumbnail_width":1280,"thumbnail_height":800,"description":"Estamos a pocos d\u00edas de unas vacaciones merecidas, ya sea un fin de semana o 10 d\u00edas, vacaciones son vacaciones\u2026\u2026. \u00a1Espera! Me falta empacar y no s\u00e9 ni por d\u00f3nde empezar."}